{"id":90,"date":"2023-08-26T19:28:48","date_gmt":"2023-08-26T17:28:48","guid":{"rendered":"https:\/\/ensemblestmichel.fr\/?page_id=90"},"modified":"2025-12-23T19:42:21","modified_gmt":"2025-12-23T18:42:21","slug":"divers","status":"publish","type":"page","link":"https:\/\/ensemblestmichel.fr\/index.php\/divers\/","title":{"rendered":"Divers"},"content":{"rendered":"\n<p><\/p>\n\n\n\n<p class=\"has-vivid-cyan-blue-color has-text-color has-link-color has-large-font-size wp-elements-4778a8c927d72f1ddee1f195bf137c6c\"><strong>Pardon du Folgo\u00ebt <\/strong> : Dim. 8 septembre 2024<\/p>\n\n\n\n<p><\/p>\n\n\n\n<p><strong>Pour accomplir les oeuvres du P\u00e8re<\/strong> : <a href=\"https:\/\/www.youtube.com\/watch?v=Bq-Okz8tya4\">vid\u00e9o Notre Dame<\/a><\/p>\n\n\n\n<p><strong>Meuleudi da Zoue <\/strong>: <a href=\"http:\/\/ensemblestmichel.fr\/wp-content\/uploads\/2024\/08\/MeuleudiDaZoue2.mp3\">mp3<\/a> <a href=\"http:\/\/ensemblestmichel.fr\/wp-content\/uploads\/2024\/08\/MeuleudiDaZoue.pdf\"> texte<\/a><\/p>\n\n\n\n<p><strong>Psaume 33 : verset<\/strong> (m\u00e9lodie autre car le texte est diff\u00e9rent)<\/p>\n\n\n\n<p class=\"has-text-align-center\"><a href=\"http:\/\/ensemblestmichel.fr\/wp-content\/uploads\/2024\/07\/psaume33versetAutre.pdf\">partition<\/a> <\/p>\n\n\n\n<p class=\"has-text-align-center\"><a href=\"http:\/\/ensemblestmichel.fr\/wp-content\/uploads\/2024\/07\/psaume33versetAutrePR.mp3\">mp3 <\/a> <\/p>\n\n\n\n<p class=\"has-text-align-center\"><a href=\"http:\/\/ensemblestmichel.fr\/wp-content\/uploads\/2024\/07\/Psaumes66-33versetsPrevus.pdf\">versets pr\u00e9vus pour les PS 66 et 33<\/a><\/p>\n\n\n\n<p><\/p>\n\n\n\n<p class=\"has-large-font-size\"><strong>Chants pr\u00e9vus en polyphonie :<\/strong> AUDIOS MP3<\/p>\n\n\n\n<p class=\"has-text-align-center has-small-font-size\"><em>Merci de votre indulgence envers le chanteur, qui n&#8217;est ni soprane ni t\u00e9nor.<\/em><\/p>\n\n\n\n<p class=\"has-text-align-center\">Ci-dessous, vous trouverez d&#8217;autres partitions. Elles sont toutes imprimables, photocopiables et gratuites. En cas d&#8217;utilisation publique avec recettes, merci de penser \u00e0 la d\u00e9claration SACEM. D&#8217;autres partitions (pour voix ou instruments individuels) sont disponibles sur simple demande<em>.<\/em><\/p>\n\n\n\n<p><a href=\"http:\/\/ensemblestmichel.fr\/wp-content\/uploads\/2024\/01\/AveMaria.pdf\">AVE   MARIA<\/a>              <a href=\"http:\/\/ensemblestmichel.fr\/wp-content\/uploads\/2024\/01\/AveMariaPR.mp3\">(fichier son mp3)<\/a><\/p>\n\n\n\n<p><a href=\"http:\/\/ensemblestmichel.fr\/wp-content\/uploads\/2024\/01\/litanie-des-saintsPR.pdf\">LITANIE DES SAINTS <\/a>  <a href=\"http:\/\/ensemblestmichel.fr\/wp-content\/uploads\/2024\/01\/litanie-des-saintsPR.mp3\">(fichier son mp3)<\/a><\/p>\n\n\n\n<p><\/p>\n\n\n\n<figure class=\"wp-block-image size-large\"><a href=\"http:\/\/ensemblestmichel.fr\/wp-content\/uploads\/2024\/05\/journaldebordallege.pdf\"><img loading=\"lazy\" decoding=\"async\" width=\"686\" height=\"1024\" src=\"https:\/\/ensemblestmichel.fr\/wp-content\/uploads\/2024\/05\/LeLivreOublieCouvertureESM-1-686x1024.jpg\" alt=\"\" class=\"wp-image-1085\" srcset=\"https:\/\/ensemblestmichel.fr\/wp-content\/uploads\/2024\/05\/LeLivreOublieCouvertureESM-1-686x1024.jpg 686w, https:\/\/ensemblestmichel.fr\/wp-content\/uploads\/2024\/05\/LeLivreOublieCouvertureESM-1-201x300.jpg 201w, https:\/\/ensemblestmichel.fr\/wp-content\/uploads\/2024\/05\/LeLivreOublieCouvertureESM-1-768x1147.jpg 768w, https:\/\/ensemblestmichel.fr\/wp-content\/uploads\/2024\/05\/LeLivreOublieCouvertureESM-1-1029x1536.jpg 1029w, https:\/\/ensemblestmichel.fr\/wp-content\/uploads\/2024\/05\/LeLivreOublieCouvertureESM-1-1371x2048.jpg 1371w, https:\/\/ensemblestmichel.fr\/wp-content\/uploads\/2024\/05\/LeLivreOublieCouvertureESM-1-scaled.jpg 1714w\" sizes=\"auto, (max-width: 686px) 100vw, 686px\" \/><\/a><\/figure>\n\n\n\n<p><a href=\"http:\/\/ensemblestmichel.fr\/wp-content\/uploads\/2024\/05\/presentation-du-Livre-Oublie.pdf\">Pr\u00e9sentation du <em>Livre Oubli\u00e9<\/em><\/a><\/p>\n\n\n\n<p><a href=\"http:\/\/ensemblestmichel.fr\/wp-content\/uploads\/2024\/05\/TexteCompletLeLivreOublie.pdf\"><em>Le Livre Oubli\u00e9<\/em> : texte complet<\/a><\/p>\n\n\n\n<p><a href=\"http:\/\/ensemblestmichel.fr\/wp-content\/uploads\/2024\/05\/Apres-coup-Le-Livre-Oublie.pdf\">Apr\u00e8s coup<\/a><\/p>\n\n\n\n<figure class=\"wp-block-table\"><table><tbody><tr><td><strong>Titres des chansons<\/strong> <strong>et partitions<\/strong><\/td><td><strong>audio (mp3<\/strong>)<\/td><\/tr><tr><td><a href=\"http:\/\/ensemblestmichel.fr\/wp-content\/uploads\/2024\/05\/chant-1-VOICI-QUE-JE-VOIS.pdf\">1-Voici que je vois<\/a><\/td><td><a href=\"http:\/\/ensemblestmichel.fr\/wp-content\/uploads\/2024\/05\/02VOICI-QUE-JE-VOIS.mp3\">synth\u00e9<\/a><\/td><\/tr><tr><td><a href=\"http:\/\/ensemblestmichel.fr\/wp-content\/uploads\/2024\/05\/chant-2-NOUS-NE-RECONNAISSONS-PLUS.pdf\">2- Nous ne reconnaissons plus<\/a><\/td><td><a href=\"http:\/\/ensemblestmichel.fr\/wp-content\/uploads\/2024\/05\/03NOUS-NE-RECONNAISSONS-PLUS.mp3\">synth\u00e9<\/a><\/td><\/tr><tr><td><a href=\"http:\/\/ensemblestmichel.fr\/wp-content\/uploads\/2024\/05\/chant-3-GOUTEZ-ET-VOYEZ.pdf\">3- Go\u00fbtez et voyez<\/a><\/td><td><a href=\"http:\/\/ensemblestmichel.fr\/wp-content\/uploads\/2024\/05\/04GOUTEZ-ET-VOYEZ.mp3\">synth\u00e9<\/a><\/td><\/tr><tr><td><a href=\"http:\/\/ensemblestmichel.fr\/wp-content\/uploads\/2024\/05\/chant-4-SHALOM-ALEICHEM.pdf\">4- Shalom aleichem<\/a><\/td><td><a href=\"http:\/\/ensemblestmichel.fr\/wp-content\/uploads\/2024\/05\/05SHALOM-ALEICHEM.mp3\">synth\u00e9<\/a><\/td><\/tr><tr><td><a href=\"http:\/\/ensemblestmichel.fr\/wp-content\/uploads\/2024\/05\/chant-5-NOUS-PORTONS-CE-TRESOR.pdf\">5- Nous portons ce tr\u00e9sor<\/a><\/td><td><a href=\"http:\/\/ensemblestmichel.fr\/wp-content\/uploads\/2024\/05\/06NOUS-PORTONS-CE-TRESOR.mp3\">synth\u00e9<\/a><\/td><\/tr><tr><td><a href=\"http:\/\/ensemblestmichel.fr\/wp-content\/uploads\/2024\/05\/chant-6-SI-JE-NAI-PAS-LAMOUR.pdf\">6- Si je n&#8217;ai pas l&#8217;amour<\/a><\/td><td><a href=\"http:\/\/ensemblestmichel.fr\/wp-content\/uploads\/2024\/05\/07SI-JE-NAI-PAS-LAMOUR.mp3\">synth\u00e9<\/a><\/td><\/tr><tr><td><a href=\"http:\/\/ensemblestmichel.fr\/wp-content\/uploads\/2024\/05\/chant-7-CHOEUR-FINAL.pdf\">7- Partons pour annoncer (choeur final)<\/a><\/td><td><a href=\"http:\/\/ensemblestmichel.fr\/wp-content\/uploads\/2024\/05\/08CHOEUR-FINAL.mp3\">synth\u00e9<\/a><\/td><\/tr><\/tbody><\/table><\/figure>\n\n\n\n<figure class=\"wp-block-image size-large\"><a href=\"http:\/\/ensemblestmichel.fr\/wp-content\/uploads\/2024\/05\/JOURNALdeBORD.pdf\"><img loading=\"lazy\" decoding=\"async\" width=\"748\" height=\"1024\" src=\"http:\/\/ensemblestmichel.fr\/wp-content\/uploads\/2024\/05\/couvertureTeresayJuan-748x1024.jpg\" alt=\"\" class=\"wp-image-1127\" srcset=\"https:\/\/ensemblestmichel.fr\/wp-content\/uploads\/2024\/05\/couvertureTeresayJuan-748x1024.jpg 748w, https:\/\/ensemblestmichel.fr\/wp-content\/uploads\/2024\/05\/couvertureTeresayJuan-219x300.jpg 219w, https:\/\/ensemblestmichel.fr\/wp-content\/uploads\/2024\/05\/couvertureTeresayJuan-768x1051.jpg 768w, https:\/\/ensemblestmichel.fr\/wp-content\/uploads\/2024\/05\/couvertureTeresayJuan-1123x1536.jpg 1123w, https:\/\/ensemblestmichel.fr\/wp-content\/uploads\/2024\/05\/couvertureTeresayJuan-1497x2048.jpg 1497w, https:\/\/ensemblestmichel.fr\/wp-content\/uploads\/2024\/05\/couvertureTeresayJuan-scaled.jpg 1871w\" sizes=\"auto, (max-width: 748px) 100vw, 748px\" \/><\/a><\/figure>\n\n\n\n<p><a href=\"http:\/\/ensemblestmichel.fr\/wp-content\/uploads\/2024\/05\/presentation-de-Teresa-y-Juan.pdf\">Pr\u00e9sentation de <em>Teresa y Juan<\/em><\/a><\/p>\n\n\n\n<p><a href=\"http:\/\/ensemblestmichel.fr\/wp-content\/uploads\/2024\/05\/texteCompletTYJ.pdf\"><em>Teresa y Juan<\/em> : texte complet<\/a><\/p>\n\n\n\n<p><a href=\"http:\/\/ensemblestmichel.fr\/wp-content\/uploads\/2024\/05\/INCROYABLE-5-mai.pdf\">A l&#8217;insu de mon plein gr\u00e9<\/a><\/p>\n\n\n\n<figure class=\"wp-block-table\"><table><tbody><tr><td><strong>Titres des chansons et partitions<\/strong><\/td><td><strong>audio (mp3)<\/strong><\/td><\/tr><tr><td><a href=\"http:\/\/ensemblestmichel.fr\/wp-content\/uploads\/2024\/05\/ECOUTEZ-TOUS-partition.pdf\">1- Ecoutez tous ! (prologue)<\/a><\/td><td><a href=\"http:\/\/ensemblestmichel.fr\/wp-content\/uploads\/2024\/05\/11ecouteztous.mp3\">synth\u00e9<\/a><\/td><\/tr><tr><td><a href=\"http:\/\/ensemblestmichel.fr\/wp-content\/uploads\/2024\/05\/ENTRE-LOS-PUCHEROS-partition.pdf\">2- Entre los pucheros<\/a><\/td><td><a href=\"http:\/\/ensemblestmichel.fr\/wp-content\/uploads\/2024\/05\/12entrelospucheros.mp3\">synth\u00e9<\/a><\/td><\/tr><tr><td><a href=\"http:\/\/ensemblestmichel.fr\/wp-content\/uploads\/2024\/05\/NADA-TE-TURBE-partition.pdf\">3- Nada te turbe<\/a><\/td><td><a href=\"http:\/\/ensemblestmichel.fr\/wp-content\/uploads\/2024\/05\/13nadateturbe.mp3\">synth\u00e9<\/a><\/td><\/tr><tr><td><a href=\"http:\/\/ensemblestmichel.fr\/wp-content\/uploads\/2024\/05\/OH-HERMOSURA-partition.pdf\">4- Oh Hermosura<\/a><\/td><td><a href=\"http:\/\/ensemblestmichel.fr\/wp-content\/uploads\/2024\/05\/14ohhermosura.mp3\">synth\u00e9<\/a><\/td><\/tr><tr><td><a href=\"http:\/\/ensemblestmichel.fr\/wp-content\/uploads\/2024\/05\/EN-UNA-NOCHE-OSCURA-partition.pdf\">5- En una noche oscura<\/a><\/td><td><a href=\"http:\/\/ensemblestmichel.fr\/wp-content\/uploads\/2024\/05\/15enunanocheoscura.mp3\">synth\u00e9<\/a><\/td><\/tr><tr><td><a href=\"http:\/\/ensemblestmichel.fr\/wp-content\/uploads\/2024\/05\/AY-LINDA-AMIGA-chant-seul.pdf\">6- Ay linda amiga<\/a><\/td><td><a href=\"http:\/\/ensemblestmichel.fr\/wp-content\/uploads\/2024\/05\/16aylindaamiga.mp3\">synth\u00e9<\/a><\/td><\/tr><tr><td><a href=\"http:\/\/ensemblestmichel.fr\/wp-content\/uploads\/2024\/05\/AVANT-DE-FINIR-partition.pdf\">7- Avant de finir et de conclure (choeur final)<\/a><\/td><td><a href=\"http:\/\/ensemblestmichel.fr\/wp-content\/uploads\/2024\/05\/17avantdefinir.mp3\">synth\u00e9<\/a><\/td><\/tr><\/tbody><\/table><\/figure>\n","protected":false},"excerpt":{"rendered":"<p>Pardon du Folgo\u00ebt : Dim. 8 septembre 2024 Pour accomplir les oeuvres du P\u00e8re : vid\u00e9o Notre Dame Meuleudi da Zoue : mp3 texte Psaume 33 : verset (m\u00e9lodie autre car le texte est diff\u00e9rent) partition mp3 versets pr\u00e9vus pour les PS 66 et 33 Chants pr\u00e9vus en polyphonie : AUDIOS MP3 Merci de votre [&hellip;]<\/p>\n","protected":false},"author":1,"featured_media":0,"parent":0,"menu_order":0,"comment_status":"closed","ping_status":"closed","template":"","meta":{"footnotes":""},"class_list":["post-90","page","type-page","status-publish","hentry"],"_links":{"self":[{"href":"https:\/\/ensemblestmichel.fr\/index.php\/wp-json\/wp\/v2\/pages\/90","targetHints":{"allow":["GET"]}}],"collection":[{"href":"https:\/\/ensemblestmichel.fr\/index.php\/wp-json\/wp\/v2\/pages"}],"about":[{"href":"https:\/\/ensemblestmichel.fr\/index.php\/wp-json\/wp\/v2\/types\/page"}],"author":[{"embeddable":true,"href":"https:\/\/ensemblestmichel.fr\/index.php\/wp-json\/wp\/v2\/users\/1"}],"replies":[{"embeddable":true,"href":"https:\/\/ensemblestmichel.fr\/index.php\/wp-json\/wp\/v2\/comments?post=90"}],"version-history":[{"count":162,"href":"https:\/\/ensemblestmichel.fr\/index.php\/wp-json\/wp\/v2\/pages\/90\/revisions"}],"predecessor-version":[{"id":2493,"href":"https:\/\/ensemblestmichel.fr\/index.php\/wp-json\/wp\/v2\/pages\/90\/revisions\/2493"}],"wp:attachment":[{"href":"https:\/\/ensemblestmichel.fr\/index.php\/wp-json\/wp\/v2\/media?parent=90"}],"curies":[{"name":"wp","href":"https:\/\/api.w.org\/{rel}","templated":true}]}}